{"id":11589,"date":"2025-02-05T18:11:14","date_gmt":"2025-02-05T23:11:14","guid":{"rendered":"https:\/\/ankarakitapligi.org\/?page_id=11589"},"modified":"2025-02-05T18:11:14","modified_gmt":"2025-02-05T23:11:14","slug":"2024-events","status":"publish","type":"page","link":"https:\/\/ankarakitapligi.org\/en\/2024-events\/","title":{"rendered":"2024 Events"},"content":{"rendered":"<div class=\"wpb-content-wrapper\"><p>[vc_row css=&#8221;.vc_custom_1650846778806{background-color: #efefef !important;}&#8221;][vc_column][vc_column_text css=&#8221;&#8221;]<\/p>\n<h2>2024 Events<\/h2>\n<p>[\/vc_column_text][vc_row_inner][vc_column_inner width=&#8221;1\/3&#8243;][vc_column_text css=&#8221;&#8221;]<a href=\"https:\/\/ankarakitapligi.org\/wp-content\/uploads\/2024\/09\/heybemdeki-hikayeler-1.jpg\"><img loading=\"lazy\" decoding=\"async\" class=\"alignnone wp-image-10955 size-full\" src=\"https:\/\/ankarakitapligi.org\/wp-content\/uploads\/2024\/09\/heybemdeki-hikayeler-1.jpg\" alt=\"\" width=\"600\" height=\"600\" srcset=\"https:\/\/ankarakitapligi.org\/wp-content\/uploads\/2024\/09\/heybemdeki-hikayeler-1.jpg 600w, https:\/\/ankarakitapligi.org\/wp-content\/uploads\/2024\/09\/heybemdeki-hikayeler-1-300x300.jpg 300w, https:\/\/ankarakitapligi.org\/wp-content\/uploads\/2024\/09\/heybemdeki-hikayeler-1-150x150.jpg 150w, https:\/\/ankarakitapligi.org\/wp-content\/uploads\/2024\/09\/heybemdeki-hikayeler-1-100x100.jpg 100w\" sizes=\"auto, (max-width: 600px) 100vw, 600px\" \/><\/a>[\/vc_column_text][\/vc_column_inner][vc_column_inner width=&#8221;2\/3&#8243;][vc_column_text css=&#8221;&#8221;]<\/p>\n<h4>U\u011fur Aslan and Sema Ergenekon Aslan Conservation\u00a0 &#8211; October 10 &amp;11, 2024<\/h4>\n<p>We brought together two esteemed artists from Turkey, screenwriter Sema Ergenekon and actor and musician U\u011fur Aslan.<\/p>\n<p><strong>Sema Ergenekon<\/strong> \u2013 Screenwriter of the Emmy Award-winning show Yarg\u0131 (\u201cBest Telenovela\u201d)<\/p>\n<p>Yarg\u0131 conveyed a lot to the audience by the end of its three seasons, but most importantly, we saw that justice must be applied with conscience and compassion.\u201d<\/p>\n<p><strong>U\u011fur Aslan<\/strong> \u2013 Played Eren Komiser in the Emmy Award-winning show Yarg\u0131 (&#8220;Best Telenovela&#8221;)[\/vc_column_text][\/vc_column_inner][\/vc_row_inner][vc_row_inner][vc_column_inner width=&#8221;1\/3&#8243;][vc_column_text css=&#8221;&#8221;]<img loading=\"lazy\" decoding=\"async\" class=\"alignnone size-full wp-image-10839\" src=\"https:\/\/ankarakitapligi.org\/wp-content\/uploads\/2024\/07\/ak-picnic-canada-day-2024.jpg\" alt=\"\" width=\"600\" height=\"600\" srcset=\"https:\/\/ankarakitapligi.org\/wp-content\/uploads\/2024\/07\/ak-picnic-canada-day-2024.jpg 600w, https:\/\/ankarakitapligi.org\/wp-content\/uploads\/2024\/07\/ak-picnic-canada-day-2024-300x300.jpg 300w, https:\/\/ankarakitapligi.org\/wp-content\/uploads\/2024\/07\/ak-picnic-canada-day-2024-150x150.jpg 150w, https:\/\/ankarakitapligi.org\/wp-content\/uploads\/2024\/07\/ak-picnic-canada-day-2024-100x100.jpg 100w\" sizes=\"auto, (max-width: 600px) 100vw, 600px\" \/>[\/vc_column_text][\/vc_column_inner][vc_column_inner width=&#8221;2\/3&#8243;][vc_column_text css=&#8221;&#8221;]<\/p>\n<h4>Canada Day &#8211; July 1, 2024<\/h4>\n<p>On July 1st, Turkish Society of Canada and Ankara Library of Toronto have organized the <strong>Canada Day picnic<\/strong>. At the event, in attendance were Consul General in Toronto, Mr. Can Yolda\u015f, and his family. The Turkish community in Canada comes together each year for this enjoyable day in a festive atmosphere.<\/p>\n<p>We would like to express our gratitude to our community for coming, to our volunteers and supporters , for making this event yet another memorable one. See you all next year![\/vc_column_text][\/vc_column_inner][\/vc_row_inner][vc_row_inner][vc_column_inner width=&#8221;1\/3&#8243;][vc_column_text css=&#8221;&#8221;]<img loading=\"lazy\" decoding=\"async\" class=\"alignnone size-full wp-image-10841\" src=\"https:\/\/ankarakitapligi.org\/wp-content\/uploads\/2024\/07\/evrim-kuran-irep-cakir-soylesi.jpg\" alt=\"\" width=\"600\" height=\"600\" srcset=\"https:\/\/ankarakitapligi.org\/wp-content\/uploads\/2024\/07\/evrim-kuran-irep-cakir-soylesi.jpg 600w, https:\/\/ankarakitapligi.org\/wp-content\/uploads\/2024\/07\/evrim-kuran-irep-cakir-soylesi-300x300.jpg 300w, https:\/\/ankarakitapligi.org\/wp-content\/uploads\/2024\/07\/evrim-kuran-irep-cakir-soylesi-150x150.jpg 150w, https:\/\/ankarakitapligi.org\/wp-content\/uploads\/2024\/07\/evrim-kuran-irep-cakir-soylesi-100x100.jpg 100w\" sizes=\"auto, (max-width: 600px) 100vw, 600px\" \/>[\/vc_column_text][\/vc_column_inner][vc_column_inner width=&#8221;2\/3&#8243;][vc_column_text css=&#8221;&#8221;]<\/p>\n<h4>Evrim Kuran &#8211; June 8, 2024<\/h4>\n<p>On Saturday, June 8, E<strong>vrim Kuran<\/strong> met with her readers at the Readers and Writers Meet, moderated by \u0130rep \u00c7ak\u0131r. The event took place with full attendance in an expanded hall, where Evrim Kuran introduced her fourth book titled <em><strong>\u201dI&#8217;m Sorry for Being a Successful Woman\u201d<\/strong> <\/em>[\u201dBa\u015far\u0131l\u0131 Bir Kad\u0131n Oldu\u011fum \u0130\u00e7in \u00d6z\u00fcr Dilerim\u201d] and shared the findings of her study on impostor syndrome with over 3000 people, the majority of whom were women.<\/p>\n<p>Saying that while 3000 women applied to the call for impostor research, only 300 men responded to the same call, Kuran explained why women in Turkey are more inclined to find themselves inadequate, and spoke of experiences women have in the family when they are children, then in society and workplaces as adults to bring them to this point.[\/vc_column_text][\/vc_column_inner][\/vc_row_inner][vc_row_inner][vc_column_inner width=&#8221;1\/3&#8243;][vc_column_text css=&#8221;&#8221;]<img loading=\"lazy\" decoding=\"async\" class=\"alignnone size-full wp-image-10844\" src=\"https:\/\/ankarakitapligi.org\/wp-content\/uploads\/2024\/07\/sevim-kesimal-sohbet.jpg\" alt=\"\" width=\"600\" height=\"600\" srcset=\"https:\/\/ankarakitapligi.org\/wp-content\/uploads\/2024\/07\/sevim-kesimal-sohbet.jpg 600w, https:\/\/ankarakitapligi.org\/wp-content\/uploads\/2024\/07\/sevim-kesimal-sohbet-300x300.jpg 300w, https:\/\/ankarakitapligi.org\/wp-content\/uploads\/2024\/07\/sevim-kesimal-sohbet-150x150.jpg 150w, https:\/\/ankarakitapligi.org\/wp-content\/uploads\/2024\/07\/sevim-kesimal-sohbet-100x100.jpg 100w\" sizes=\"auto, (max-width: 600px) 100vw, 600px\" \/>[\/vc_column_text][\/vc_column_inner][vc_column_inner width=&#8221;2\/3&#8243;][vc_column_text css=&#8221;&#8221;]<\/p>\n<h4>Sevil Kesimal &#8211; May 30, 2024<\/h4>\n<p>On Thursday, May 30, 2024, Ankara Library hosted writer <strong>Sevil Kesimal<\/strong> with her second book, <em><strong>\u2018Indigo Diaries\u2018<\/strong><\/em>, consisting of 19 short stories.<\/p>\n<p>Following her 2019 debut with the short story collection<em><strong> \u2018Smell of Mulberries\u2019<\/strong><\/em>, author Kesimal tells the memories of a mother and father who travel to and from their son who immigrated to Canada, tries to match what she feels and sees in a foreign geography with what she knows and senses, and explores the people along with the city.<\/p>\n<p>\u2018When you see a city for the first time, you compare it to places you know without realizing it\u2019, said Kesimal and spoke to the guests about the process of starting writing and the work\u00a0she\u00a0has\u00a0done.[\/vc_column_text][\/vc_column_inner][\/vc_row_inner][vc_row_inner][vc_column_inner width=&#8221;1\/3&#8243;][vc_column_text css=&#8221;&#8221;]<a href=\"https:\/\/ankarakitapligi.org\/wp-content\/uploads\/2024\/07\/Ebru-Winegard-Tasarimci-Sanatci-Egitmen.jpg\"><img loading=\"lazy\" decoding=\"async\" class=\"alignnone wp-image-10860 size-full\" src=\"https:\/\/ankarakitapligi.org\/wp-content\/uploads\/2024\/07\/Ebru-Winegard-Tasarimci-Sanatci-Egitmen.jpg\" alt=\"\" width=\"600\" height=\"600\" srcset=\"https:\/\/ankarakitapligi.org\/wp-content\/uploads\/2024\/07\/Ebru-Winegard-Tasarimci-Sanatci-Egitmen.jpg 600w, https:\/\/ankarakitapligi.org\/wp-content\/uploads\/2024\/07\/Ebru-Winegard-Tasarimci-Sanatci-Egitmen-300x300.jpg 300w, https:\/\/ankarakitapligi.org\/wp-content\/uploads\/2024\/07\/Ebru-Winegard-Tasarimci-Sanatci-Egitmen-150x150.jpg 150w, https:\/\/ankarakitapligi.org\/wp-content\/uploads\/2024\/07\/Ebru-Winegard-Tasarimci-Sanatci-Egitmen-100x100.jpg 100w\" sizes=\"auto, (max-width: 600px) 100vw, 600px\" \/><\/a>[\/vc_column_text][\/vc_column_inner][vc_column_inner width=&#8221;2\/3&#8243;][vc_column_text css=&#8221;&#8221;]<\/p>\n<h4><b>Ebru Winegard (Designer, Artist, Instructor) &#8211; May 11, 2024<\/b><\/h4>\n<p>Ebru Winegard&#8217;s photo exhibition \u201cThe Yellow Umbrella Chronicles\u201d was exhibited at Ankara Library between May 11 and May 31 as part of the Contact Photography Festival, which has been held in May for 28 years in Toronto. A reception was held on Saturday, May 11, where many art lovers had the opportunity to tour the exhibition within the scope of the festival. For more information about the exhibition and festival: <strong><a href=\"https:\/\/contactphoto.com\/2024\/open-call\/the-yellow-umbrella-chronicles\">Click Here<\/a><\/strong>[\/vc_column_text][\/vc_column_inner][\/vc_row_inner][vc_row_inner][vc_column_inner width=&#8221;1\/3&#8243;][vc_column_text]<img loading=\"lazy\" decoding=\"async\" class=\"alignnone wp-image-10805\" src=\"https:\/\/ankarakitapligi.org\/wp-content\/uploads\/2024\/04\/FB2-2024.jpg\" alt=\"\" width=\"600\" height=\"600\" srcset=\"https:\/\/ankarakitapligi.org\/wp-content\/uploads\/2024\/04\/FB2-2024.jpg 1024w, https:\/\/ankarakitapligi.org\/wp-content\/uploads\/2024\/04\/FB2-2024-300x300.jpg 300w, https:\/\/ankarakitapligi.org\/wp-content\/uploads\/2024\/04\/FB2-2024-150x150.jpg 150w, https:\/\/ankarakitapligi.org\/wp-content\/uploads\/2024\/04\/FB2-2024-768x768.jpg 768w, https:\/\/ankarakitapligi.org\/wp-content\/uploads\/2024\/04\/FB2-2024-600x600.jpg 600w, https:\/\/ankarakitapligi.org\/wp-content\/uploads\/2024\/04\/FB2-2024-100x100.jpg 100w\" sizes=\"auto, (max-width: 600px) 100vw, 600px\" \/>[\/vc_column_text][\/vc_column_inner][vc_column_inner width=&#8221;2\/3&#8243;][vc_column_text css=&#8221;&#8221;]<\/p>\n<h4>National Sovereignty and Children&#8217;s Day &#8211; Sunday, April 14, 2024<\/h4>\n<p>As part of this year\u2019s celebration of National Sovereignty and Children&#8217;s Day on April 23, we will be at the <strong>\u201cInternational Children&#8217;s Day-Multicultural Dance and Art\u201d<\/strong> festival organized by the Turkish Society of Canada with the contribution of the City of Toronto, and we will bring our children together with three esteemed authors.<\/p>\n<p><strong>\u0130pek Ongun, Fatih Erdo\u011fan and Defne Ongun M\u00fcmino\u011flu<\/strong>, distinguished authors in short stories and novels for children, will autograph their books for children attending the festival.<\/p>\n<p>Please join us on April 14th in the section reserved for our library for a memorable event and proud celebration![\/vc_column_text][\/vc_column_inner][\/vc_row_inner][vc_row_inner][vc_column_inner width=&#8221;1\/3&#8243;][vc_column_text]<img loading=\"lazy\" decoding=\"async\" class=\"alignnone size-full wp-image-10757\" src=\"https:\/\/ankarakitapligi.org\/wp-content\/uploads\/2024\/03\/zeynep-ozbilen-square.jpg\" alt=\"Zeynep Ozbilen\" width=\"800\" height=\"800\" srcset=\"https:\/\/ankarakitapligi.org\/wp-content\/uploads\/2024\/03\/zeynep-ozbilen-square.jpg 800w, https:\/\/ankarakitapligi.org\/wp-content\/uploads\/2024\/03\/zeynep-ozbilen-square-300x300.jpg 300w, https:\/\/ankarakitapligi.org\/wp-content\/uploads\/2024\/03\/zeynep-ozbilen-square-150x150.jpg 150w, https:\/\/ankarakitapligi.org\/wp-content\/uploads\/2024\/03\/zeynep-ozbilen-square-768x768.jpg 768w, https:\/\/ankarakitapligi.org\/wp-content\/uploads\/2024\/03\/zeynep-ozbilen-square-600x600.jpg 600w, https:\/\/ankarakitapligi.org\/wp-content\/uploads\/2024\/03\/zeynep-ozbilen-square-100x100.jpg 100w\" sizes=\"auto, (max-width: 800px) 100vw, 800px\" \/>[\/vc_column_text][\/vc_column_inner][vc_column_inner width=&#8221;2\/3&#8243;][vc_column_text]<\/p>\n<h4>23 Women write Stories That Make Us Who We Are \u00a0March 10, 2024<\/h4>\n<p>We introduced a new book titled <strong>\u201cBizi Biz Yapan Hikayeler\u201d<\/strong> or <strong>\u201cStories That Make Us Who We Are\u201d<\/strong>, containing 23 short stories written by 23 creative women. One of these women, whose journey of self-realization you will witness from their childhood into their youth and thereon to their adulthood, is the precious <strong>Seher Zeynep Arabac\u0131o\u011flu \u00d6zbilen<\/strong>, who has been well known to the Canadian Turkish community for years.<\/p>\n<p>Zeynep attended our event personally at our library in Toronto, and other women writers and <strong>Mr. Feridun Anda\u00e7<\/strong>, who made great contributions to the creation of this work, attended via zoom from Istanbul.[\/vc_column_text][\/vc_column_inner][\/vc_row_inner][vc_row_inner][vc_column_inner width=&#8221;1\/3&#8243;][vc_column_text]<img loading=\"lazy\" decoding=\"async\" class=\"alignnone wp-image-10749\" src=\"https:\/\/ankarakitapligi.org\/wp-content\/uploads\/2024\/02\/kurs.jpg\" alt=\"Fatih Erdogan\" width=\"600\" height=\"600\" srcset=\"https:\/\/ankarakitapligi.org\/wp-content\/uploads\/2024\/02\/kurs.jpg 1024w, https:\/\/ankarakitapligi.org\/wp-content\/uploads\/2024\/02\/kurs-300x300.jpg 300w, https:\/\/ankarakitapligi.org\/wp-content\/uploads\/2024\/02\/kurs-150x150.jpg 150w, https:\/\/ankarakitapligi.org\/wp-content\/uploads\/2024\/02\/kurs-768x768.jpg 768w, https:\/\/ankarakitapligi.org\/wp-content\/uploads\/2024\/02\/kurs-600x600.jpg 600w, https:\/\/ankarakitapligi.org\/wp-content\/uploads\/2024\/02\/kurs-100x100.jpg 100w\" sizes=\"auto, (max-width: 600px) 100vw, 600px\" \/>[\/vc_column_text][\/vc_column_inner][vc_column_inner width=&#8221;2\/3&#8243;][vc_column_text]<\/p>\n<h4>Invitation to the most beautiful profession in the world<\/h4>\n<p>Those who love to write, or those who say they can&#8217;t write at all, or those who don&#8217;t wait for the muse to come, or above all those who want to write for children, the most beautiful profession in the world&#8230;<\/p>\n<p>We invite you to a Turkish workshop on &#8220;Writing for Children&#8221; by Mr. Fatih Erdo\u011fan, translator, editor, academic and one of Turkey&#8217;s best known children&#8217;s book authors.The writing workshop takes place at Ankara library every Sunday between 1:00-3:00 starting on March 03, 2024.[\/vc_column_text][\/vc_column_inner][\/vc_row_inner][vc_row_inner][vc_column_inner width=&#8221;1\/3&#8243;][vc_column_text]<img loading=\"lazy\" decoding=\"async\" class=\"alignnone size-full wp-image-10717\" src=\"https:\/\/ankarakitapligi.org\/wp-content\/uploads\/2024\/02\/katherine-ward.jpg\" alt=\"Katherine Ward \" width=\"599\" height=\"600\" srcset=\"https:\/\/ankarakitapligi.org\/wp-content\/uploads\/2024\/02\/katherine-ward.jpg 599w, https:\/\/ankarakitapligi.org\/wp-content\/uploads\/2024\/02\/katherine-ward-300x300.jpg 300w, https:\/\/ankarakitapligi.org\/wp-content\/uploads\/2024\/02\/katherine-ward-150x150.jpg 150w, https:\/\/ankarakitapligi.org\/wp-content\/uploads\/2024\/02\/katherine-ward-100x100.jpg 100w\" sizes=\"auto, (max-width: 599px) 100vw, 599px\" \/>[\/vc_column_text][\/vc_column_inner][vc_column_inner width=&#8221;2\/3&#8243;][vc_column_text]<\/p>\n<h4>Tea time with Katherine Ward &#8211; February 17, 2024<\/h4>\n<p>We had the pleasure to host Canadian author Katherine Ward at our library and learn more about the story in her book &#8220;Another Glass of Tea&#8221;. We had a lovely conversation about the impact of cultural differences between Canada and T\u00fcrkiye from the eyes of a Canadian. While drinking our tea from traditional Turkish tea glasses, we listed to Katherine&#8217;s interesting experiences and how the seeds for unbreakable friendships were sown.[\/vc_column_text][\/vc_column_inner][\/vc_row_inner][vc_row_inner][vc_column_inner width=&#8221;1\/3&#8243;][vc_column_text]<img loading=\"lazy\" decoding=\"async\" class=\"alignnone size-full wp-image-10724\" src=\"https:\/\/ankarakitapligi.org\/wp-content\/uploads\/2024\/02\/esin.jpg\" alt=\"Esin Akalin\" width=\"599\" height=\"600\" srcset=\"https:\/\/ankarakitapligi.org\/wp-content\/uploads\/2024\/02\/esin.jpg 599w, https:\/\/ankarakitapligi.org\/wp-content\/uploads\/2024\/02\/esin-300x300.jpg 300w, https:\/\/ankarakitapligi.org\/wp-content\/uploads\/2024\/02\/esin-150x150.jpg 150w, https:\/\/ankarakitapligi.org\/wp-content\/uploads\/2024\/02\/esin-100x100.jpg 100w\" sizes=\"auto, (max-width: 599px) 100vw, 599px\" \/>[\/vc_column_text][\/vc_column_inner][vc_column_inner width=&#8221;2\/3&#8243;][vc_column_text]<\/p>\n<h4>Dr. Esin Akal\u0131n book launch &#8211; February 07, 2024<\/h4>\n<p>We launched a book event with <strong>Dr. Esin Akal\u0131n<\/strong> to introduce her first novel<strong> \u201cValizimde \u0130stanbul, K\u0131smetimde Toronto\u201d<\/strong> which translates to <em>&#8220;Istanbul in my suitcase, Toronto in my fortune&#8221;<\/em>. While reading excerpts from her new book the author took us on an unforgettable life journey through her memories as an immigrant who was in love with the country she was born in but was able to turn the country she immigrated to into a source of happiness for herself, her family and her friends.[\/vc_column_text][\/vc_column_inner][\/vc_row_inner][vc_row_inner][vc_column_inner width=&#8221;1\/3&#8243;][vc_column_text]<img loading=\"lazy\" decoding=\"async\" class=\"alignnone size-full wp-image-10663\" src=\"https:\/\/ankarakitapligi.org\/wp-content\/uploads\/2023\/12\/uni-and-college-application-seminar.jpg\" alt=\"\" width=\"600\" height=\"600\" srcset=\"https:\/\/ankarakitapligi.org\/wp-content\/uploads\/2023\/12\/uni-and-college-application-seminar.jpg 600w, https:\/\/ankarakitapligi.org\/wp-content\/uploads\/2023\/12\/uni-and-college-application-seminar-300x300.jpg 300w, https:\/\/ankarakitapligi.org\/wp-content\/uploads\/2023\/12\/uni-and-college-application-seminar-150x150.jpg 150w, https:\/\/ankarakitapligi.org\/wp-content\/uploads\/2023\/12\/uni-and-college-application-seminar-100x100.jpg 100w\" sizes=\"auto, (max-width: 600px) 100vw, 600px\" \/>[\/vc_column_text][\/vc_column_inner][vc_column_inner width=&#8221;2\/3&#8243;][vc_column_text]<\/p>\n<h4>College and university application seminar &#8211; January 07, 2024<\/h4>\n<p>Canada education consultant G\u00fclay Erdo\u011fan Metivier (OCT) provided information to candidates who intend to apply to Canadian colleges and universities either from Canada or abroad, discussing admissions strategies and preparations to be completed ahead of time.<\/p>\n<p>She gave detailed responses to questions from parents and students, emphasizing the importance of taking the right step at the right time for university and college admissions.[\/vc_column_text][\/vc_column_inner][\/vc_row_inner][\/vc_column][\/vc_row]<\/p>\n<\/div>","protected":false},"excerpt":{"rendered":"<p>[vc_row css=&#8221;.vc_custom_1650846778806{background-color: #efefef !important;}&#8221;][vc_column][vc_column_text css=&#8221;&#8221;] 2024 Events [\/vc_column_text][vc_row_inner][vc_column_inner width=&#8221;1\/3&#8243;][vc_column_text css=&#8221;&#8221;][\/vc_column_text][\/vc_column_inner][vc_column_inner width=&#8221;2\/3&#8243;][vc_column_text css=&#8221;&#8221;] U\u011fur Aslan and Sema Ergenekon Aslan Conservation\u00a0 &#8211; October 10 &amp;11, 2024 We brought together two esteemed artists from Turkey, screenwriter Sema Ergenekon and actor and musician U\u011fur Aslan. Sema Ergenekon \u2013 Screenwriter of the Emmy Award-winning show Yarg\u0131 (\u201cBest Telenovela\u201d) Yarg\u0131 conveyed..<\/p>\n","protected":false},"author":1,"featured_media":0,"parent":0,"menu_order":0,"comment_status":"closed","ping_status":"closed","template":"","meta":{"footnotes":""},"class_list":["post-11589","page","type-page","status-publish","hentry"],"_links":{"self":[{"href":"https:\/\/ankarakitapligi.org\/en\/wp-json\/wp\/v2\/pages\/11589","targetHints":{"allow":["GET"]}}],"collection":[{"href":"https:\/\/ankarakitapligi.org\/en\/wp-json\/wp\/v2\/pages"}],"about":[{"href":"https:\/\/ankarakitapligi.org\/en\/wp-json\/wp\/v2\/types\/page"}],"author":[{"embeddable":true,"href":"https:\/\/ankarakitapligi.org\/en\/wp-json\/wp\/v2\/users\/1"}],"replies":[{"embeddable":true,"href":"https:\/\/ankarakitapligi.org\/en\/wp-json\/wp\/v2\/comments?post=11589"}],"version-history":[{"count":2,"href":"https:\/\/ankarakitapligi.org\/en\/wp-json\/wp\/v2\/pages\/11589\/revisions"}],"predecessor-version":[{"id":11595,"href":"https:\/\/ankarakitapligi.org\/en\/wp-json\/wp\/v2\/pages\/11589\/revisions\/11595"}],"wp:attachment":[{"href":"https:\/\/ankarakitapligi.org\/en\/wp-json\/wp\/v2\/media?parent=11589"}],"curies":[{"name":"wp","href":"https:\/\/api.w.org\/{rel}","templated":true}]}}